{"id":7184,"date":"2026-03-18T16:22:43","date_gmt":"2026-03-18T15:22:43","guid":{"rendered":"https:\/\/montalcinoceramiche.it\/?post_type=product&#038;p=7184"},"modified":"2026-03-18T16:22:43","modified_gmt":"2026-03-18T15:22:43","slug":"caffettiera-papavero","status":"publish","type":"product","link":"https:\/\/montalcinoceramiche.it\/de\/prodotto\/caffettiera-papavero\/","title":{"rendered":"Caffettiera &#8222;Papavero&#8220;"},"content":{"rendered":"<p>I NOSTRI PRODOTTI SONO ADATTI AD USO ALIMENTARE, POSSONO ESSERE UTILIZZATI NEL MICROONDE E SI POSSONO LAVARE IN LAVASTOVIGLIE.<\/p>\n<p>SONO PRODOTTI ARTIGIANALI, SMALTATI E PITTURATI A MANO QUINDI OGNI SINGOLO PEZZO E&#8216; DA RITENERSI PEZZO UNICO.<\/p>\n","protected":false},"excerpt":{"rendered":"<h4>Decorazione paesaggio toscano e papaveri<\/h4>\n<p>Caffettiera in ceramica fatta e dipinta a mano.<\/p>\n<p><em>Questa caffettiera, che al suo interno pu\u00f2 contenere anche lo zucchero, \u00e8 ideale per tenere il caff\u00e8 appena fatto in tavola, arricchendo le vostre colazioni in famiglia con questo prezioso oggetto .\u00a0<\/em><\/p>\n","protected":false},"featured_media":7189,"template":"","meta":{"_et_pb_use_builder":"","_et_pb_old_content":"","_et_gb_content_width":"","inline_featured_image":false,"_glsr_average":0,"_glsr_ranking":0,"_glsr_reviews":0},"product_brand":[],"product_cat":[467],"product_tag":[],"class_list":{"0":"post-7184","1":"product","2":"type-product","3":"status-publish","4":"has-post-thumbnail","6":"product_cat-papaveri","8":"first","9":"instock","10":"shipping-taxable","11":"purchasable","12":"product-type-simple"},"_links":{"self":[{"href":"https:\/\/montalcinoceramiche.it\/de\/wp-json\/wp\/v2\/product\/7184","targetHints":{"allow":["GET"]}}],"collection":[{"href":"https:\/\/montalcinoceramiche.it\/de\/wp-json\/wp\/v2\/product"}],"about":[{"href":"https:\/\/montalcinoceramiche.it\/de\/wp-json\/wp\/v2\/types\/product"}],"wp:featuredmedia":[{"embeddable":true,"href":"https:\/\/montalcinoceramiche.it\/de\/wp-json\/wp\/v2\/media\/7189"}],"wp:attachment":[{"href":"https:\/\/montalcinoceramiche.it\/de\/wp-json\/wp\/v2\/media?parent=7184"}],"wp:term":[{"taxonomy":"product_brand","embeddable":true,"href":"https:\/\/montalcinoceramiche.it\/de\/wp-json\/wp\/v2\/product_brand?post=7184"},{"taxonomy":"product_cat","embeddable":true,"href":"https:\/\/montalcinoceramiche.it\/de\/wp-json\/wp\/v2\/product_cat?post=7184"},{"taxonomy":"product_tag","embeddable":true,"href":"https:\/\/montalcinoceramiche.it\/de\/wp-json\/wp\/v2\/product_tag?post=7184"}],"curies":[{"name":"wp","href":"https:\/\/api.w.org\/{rel}","templated":true}]}}