{"id":917,"date":"2020-12-02T15:59:16","date_gmt":"2020-12-02T14:59:16","guid":{"rendered":"https:\/\/montalcinoceramiche.it\/tallado-de-objetos-de-porcelana\/"},"modified":"2020-12-02T15:59:16","modified_gmt":"2020-12-02T14:59:16","slug":"tallado-de-objetos-de-porcelana","status":"publish","type":"page","link":"https:\/\/montalcinoceramiche.it\/es\/tallado-de-objetos-de-porcelana\/","title":{"rendered":"Tallado de objetos de porcelana"},"content":{"rendered":"<p>[et_pb_section fb_built=\u00bb1&#8243; next_background_color=\u00bb#ffffff\u00bb admin_label=\u00bbHero Section\u00bb _builder_version=\u00bb4.6.5&#8243; use_background_color_gradient=\u00bbon\u00bb background_color_gradient_start=\u00bbrgba(0,0,0,0.16)\u00bb background_color_gradient_end=\u00bbrgba(0,0,0,0)\u00bb background_color_gradient_direction=\u00bb120deg\u00bb background_color_gradient_overlays_image=\u00bbon\u00bb background_image=\u00bbhttps:\/\/montalcinoceramiche.it\/wp-content\/uploads\/2020\/10\/WhatsApp-Image-2020-09-30-at-15.48.40-1.jpeg\u00bb background_position=\u00bbtop_center\u00bb custom_margin=\u00bb||||false|false\u00bb custom_padding=\u00bb||48px||false|false\u00bb bottom_divider_style=\u00bbwave\u00bb bottom_divider_height=\u00bb70px\u00bb custom_css_main_element=\u00bbbackground-position:50% 40%!Important\u00bb][et_pb_row column_structure=\u00bb3_4,1_4&#8243; admin_label=\u00bbHero Area\u00bb _builder_version=\u00bb3.25&#8243;][et_pb_column type=\u00bb3_4&#8243; _builder_version=\u00bb3.25&#8243; custom_padding=\u00bb|||\u00bb custom_padding__hover=\u00bb|||\u00bb][et_pb_text admin_label=\u00bbTitle\u00bb _builder_version=\u00bb4.6.5&#8243; text_font=\u00bb||||||||\u00bb header_font=\u00bb|600|||||||\u00bb header_font_size=\u00bb60px\u00bb header_line_height=\u00bb1.2em\u00bb background_layout=\u00bbdark\u00bb animation_style=\u00bbfade\u00bb header_font_size_tablet=\u00bb\u00bb header_font_size_phone=\u00bb40px\u00bb header_font_size_last_edited=\u00bbon|phone\u00bb]<\/p>\n<h1>Tallado de objetos de porcelana<\/h1>\n<p>[\/et_pb_text][\/et_pb_column][et_pb_column type=\u00bb1_4&#8243; _builder_version=\u00bb3.25&#8243; custom_padding=\u00bb|||\u00bb custom_padding__hover=\u00bb|||\u00bb][\/et_pb_column][\/et_pb_row][\/et_pb_section][et_pb_section fb_built=\u00bb1&#8243; admin_label=\u00bbShop Section\u00bb _builder_version=\u00bb3.22&#8243; custom_padding=\u00bb90px||90px||true|\u00bb][et_pb_row _builder_version=\u00bb4.6.5&#8243; _module_preset=\u00bbdefault\u00bb][et_pb_column type=\u00bb4_4&#8243; _builder_version=\u00bb4.6.5&#8243; _module_preset=\u00bbdefault\u00bb][et_pb_text _builder_version=\u00bb4.6.5&#8243; _module_preset=\u00bbdefault\u00bb text_font_size=\u00bb18px\u00bb header_3_line_height=\u00bb1.4em\u00bb]<\/p>\n<p>Cada producto, para garantizar altos est\u00e1ndares de calidad, sigue un delicado proceso de fabricaci\u00f3n que incluye:<\/p>\n<p>[\/et_pb_text][\/et_pb_column][\/et_pb_row][et_pb_row column_structure=\u00bb1_2,1_2&#8243; disabled_on=\u00bbon|on|off\u00bb module_id=\u00bbimpasto-p\u00bb _builder_version=\u00bb4.6.1&#8243; _module_preset=\u00bbdefault\u00bb][et_pb_column type=\u00bb1_2&#8243; _builder_version=\u00bb4.6.5&#8243; _module_preset=\u00bbdefault\u00bb][et_pb_image src=\u00bbhttps:\/\/montalcinoceramiche.it\/wp-content\/uploads\/2020\/10\/WhatsApp-Image-2020-09-30-at-15.48.38-1.jpeg\u00bb title_text=\u00bbWhatsApp Image 2020-09-30 at 15.48.38 (1)\u00bb _builder_version=\u00bb4.6.1&#8243; _module_preset=\u00bbdefault\u00bb][\/et_pb_image][\/et_pb_column][et_pb_column type=\u00bb1_2&#8243; _builder_version=\u00bb4.6.5&#8243; _module_preset=\u00bbdefault\u00bb][et_pb_text _builder_version=\u00bb4.6.5&#8243; _module_preset=\u00bbdefault\u00bb text_font_size=\u00bb16px\u00bb text_line_height=\u00bb1.8em\u00bb header_2_line_height=\u00bb1.4em\u00bb]<\/p>\n<h2>Preparaci\u00f3n de la masa<\/h2>\n<p>La porcelana o el gres en polvo se mezclan cuidadosamente con agua para proporcionar una masa l\u00edquida que sucesivamente se verter\u00e1 directamente en moldes. Por \u00faltimo, el producto se deja secar durante unos 3 d\u00edas.<\/p>\n<p>[\/et_pb_text][et_pb_image src=\u00bbhttps:\/\/montalcinoceramiche.it\/wp-content\/uploads\/2020\/11\/icone-03.png\u00bb title_text=\u00bbicone-03&#8243; _builder_version=\u00bb4.6.1&#8243; _module_preset=\u00bbdefault\u00bb positioning=\u00bbrelative\u00bb vertical_offset=\u00bb-221px\u00bb horizontal_offset=\u00bb432px\u00bb z_index=\u00bb-211&#8243; width=\u00bb18%\u00bb scroll_blur_enable=\u00bbon\u00bb][\/et_pb_image][\/et_pb_column][\/et_pb_row][et_pb_row column_structure=\u00bb1_2,1_2&#8243; disabled_on=\u00bboff|off|on\u00bb module_id=\u00bbimpasto-p\u00bb _builder_version=\u00bb4.6.1&#8243; _module_preset=\u00bbdefault\u00bb][et_pb_column type=\u00bb1_2&#8243; _builder_version=\u00bb4.6.5&#8243; _module_preset=\u00bbdefault\u00bb][et_pb_image src=\u00bbhttps:\/\/montalcinoceramiche.it\/wp-content\/uploads\/2020\/10\/WhatsApp-Image-2020-09-30-at-15.48.38-1.jpeg\u00bb title_text=\u00bbWhatsApp Image 2020-09-30 at 15.48.38 (1)\u00bb _builder_version=\u00bb4.6.1&#8243; _module_preset=\u00bbdefault\u00bb][\/et_pb_image][\/et_pb_column][et_pb_column type=\u00bb1_2&#8243; _builder_version=\u00bb4.6.5&#8243; _module_preset=\u00bbdefault\u00bb][et_pb_image src=\u00bbhttps:\/\/montalcinoceramiche.it\/wp-content\/uploads\/2020\/11\/icone-03.png\u00bb title_text=\u00bbicone-03&#8243; _builder_version=\u00bb4.6.1&#8243; _module_preset=\u00bbdefault\u00bb vertical_offset=\u00bb-221px\u00bb horizontal_offset=\u00bb432px\u00bb z_index=\u00bb-211&#8243; width=\u00bb18%\u00bb scroll_blur_enable=\u00bbon\u00bb][\/et_pb_image][et_pb_text _builder_version=\u00bb4.6.1&#8243; _module_preset=\u00bbdefault\u00bb text_font_size=\u00bb16px\u00bb text_line_height=\u00bb1.8em\u00bb header_2_line_height=\u00bb1.4em\u00bb custom_margin=\u00bb-50px||||false|false\u00bb]<\/p>\n<h2>Preparaci\u00f3n de la masa<\/h2>\n<p>La porcelana o el gres en polvo se mezclan cuidadosamente con agua para proporcionar una masa l\u00edquida que sucesivamente se verter\u00e1 directamente en moldes. Por \u00faltimo, el producto se deja secar durante unos 3 d\u00edas.<\/p>\n<p>[\/et_pb_text][\/et_pb_column][\/et_pb_row][et_pb_row column_structure=\u00bb1_2,1_2&#8243; disabled_on=\u00bbon|on|off\u00bb module_id=\u00bbcottura-p\u00bb _builder_version=\u00bb4.6.1&#8243; _module_preset=\u00bbdefault\u00bb][et_pb_column type=\u00bb1_2&#8243; _builder_version=\u00bb4.6.5&#8243; _module_preset=\u00bbdefault\u00bb][et_pb_text _builder_version=\u00bb4.6.5&#8243; _module_preset=\u00bbdefault\u00bb text_font_size=\u00bb16px\u00bb text_line_height=\u00bb1.8em\u00bb header_2_line_height=\u00bb1.4em\u00bb text_orientation=\u00bbright\u00bb]<\/p>\n<h2>Cocci\u00f3n del bizcocho<\/h2>\n<p>La pieza pasa por una primera cocci\u00f3n denominada \u00aba biscotto\u00bb y se somete a una temperatura de 980\u00b0.<\/p>\n<p>[\/et_pb_text][et_pb_image src=\u00bbhttps:\/\/montalcinoceramiche.it\/wp-content\/uploads\/2020\/11\/icone-04.png\u00bb title_text=\u00bbicone-04&#8243; _builder_version=\u00bb4.6.1&#8243; _module_preset=\u00bbdefault\u00bb positioning=\u00bbrelative\u00bb vertical_offset=\u00bb-197px\u00bb horizontal_offset=\u00bb-8px\u00bb width=\u00bb20%\u00bb scroll_blur_enable=\u00bbon\u00bb][\/et_pb_image][\/et_pb_column][et_pb_column type=\u00bb1_2&#8243; _builder_version=\u00bb4.6.5&#8243; _module_preset=\u00bbdefault\u00bb][et_pb_image src=\u00bbhttps:\/\/montalcinoceramiche.it\/wp-content\/uploads\/2020\/10\/bottega-darte2.jpg\u00bb title_text=\u00bbbottega-d&#8217;arte2&#8243; _builder_version=\u00bb4.6.1&#8243; _module_preset=\u00bbdefault\u00bb][\/et_pb_image][\/et_pb_column][\/et_pb_row][et_pb_row column_structure=\u00bb1_2,1_2&#8243; disabled_on=\u00bboff|off|on\u00bb module_id=\u00bbcottura-p\u00bb _builder_version=\u00bb4.6.1&#8243; _module_preset=\u00bbdefault\u00bb][et_pb_column type=\u00bb1_2&#8243; _builder_version=\u00bb4.6.5&#8243; _module_preset=\u00bbdefault\u00bb][et_pb_image src=\u00bbhttps:\/\/montalcinoceramiche.it\/wp-content\/uploads\/2020\/10\/bottega-darte2.jpg\u00bb title_text=\u00bbbottega-d&#8217;arte2&#8243; _builder_version=\u00bb4.6.1&#8243; _module_preset=\u00bbdefault\u00bb][\/et_pb_image][\/et_pb_column][et_pb_column type=\u00bb1_2&#8243; _builder_version=\u00bb4.6.5&#8243; _module_preset=\u00bbdefault\u00bb][et_pb_image src=\u00bbhttps:\/\/montalcinoceramiche.it\/wp-content\/uploads\/2020\/11\/icone-04.png\u00bb title_text=\u00bbicone-04&#8243; _builder_version=\u00bb4.6.1&#8243; _module_preset=\u00bbdefault\u00bb vertical_offset=\u00bb-197px\u00bb horizontal_offset=\u00bb-8px\u00bb width=\u00bb20%\u00bb scroll_blur_enable=\u00bbon\u00bb][\/et_pb_image][et_pb_text _builder_version=\u00bb4.6.1&#8243; _module_preset=\u00bbdefault\u00bb text_font_size=\u00bb16px\u00bb text_line_height=\u00bb1.8em\u00bb header_2_line_height=\u00bb1.4em\u00bb custom_margin=\u00bb-50px||||false|false\u00bb]<\/p>\n<h2>Cocci\u00f3n del bizcocho<\/h2>\n<p>La pieza pasa por una primera cocci\u00f3n denominada \u00aba biscotto\u00bb y se somete a una temperatura de 980\u00b0.<\/p>\n<p>[\/et_pb_text][\/et_pb_column][\/et_pb_row][et_pb_row column_structure=\u00bb1_2,1_2&#8243; disabled_on=\u00bbon|on|off\u00bb module_id=\u00bbdecorazione-p\u00bb _builder_version=\u00bb4.6.1&#8243; _module_preset=\u00bbdefault\u00bb][et_pb_column type=\u00bb1_2&#8243; _builder_version=\u00bb4.6.5&#8243; _module_preset=\u00bbdefault\u00bb][et_pb_image src=\u00bbhttps:\/\/montalcinoceramiche.it\/wp-content\/uploads\/2020\/10\/bottega-darte4.jpg\u00bb title_text=\u00bbbottega-d&#8217;arte4&#8243; _builder_version=\u00bb4.6.1&#8243; _module_preset=\u00bbdefault\u00bb][\/et_pb_image][\/et_pb_column][et_pb_column type=\u00bb1_2&#8243; _builder_version=\u00bb4.6.5&#8243; _module_preset=\u00bbdefault\u00bb][et_pb_text _builder_version=\u00bb4.6.5&#8243; _module_preset=\u00bbdefault\u00bb text_font_size=\u00bb16px\u00bb text_line_height=\u00bb1.8em\u00bb header_2_line_height=\u00bb1.4em\u00bb]<\/p>\n<h2>Decoraci\u00f3n con esmaltes <\/h2>\n<p>El producto se esmalta y decora a mano con colores sin n\u00edquel, plomo, cadmio y materiales pesados, para que sea apto y seguro para el uso alimentario. Una vez completado el aspecto est\u00e9tico, se cuece a alta temperatura (1280\u00b0) para darle resistencia y dureza.<\/p>\n<p>[\/et_pb_text][et_pb_image src=\u00bbhttps:\/\/montalcinoceramiche.it\/wp-content\/uploads\/2020\/11\/icone-05.png\u00bb title_text=\u00bbicone-05&#8243; _builder_version=\u00bb4.6.1&#8243; _module_preset=\u00bbdefault\u00bb positioning=\u00bbrelative\u00bb vertical_offset=\u00bb-256px\u00bb horizontal_offset=\u00bb412px\u00bb width=\u00bb20%\u00bb scroll_blur_enable=\u00bbon\u00bb][\/et_pb_image][\/et_pb_column][\/et_pb_row][et_pb_row column_structure=\u00bb1_2,1_2&#8243; disabled_on=\u00bboff|off|on\u00bb module_id=\u00bbdecorazione-p\u00bb _builder_version=\u00bb4.6.1&#8243; _module_preset=\u00bbdefault\u00bb][et_pb_column type=\u00bb1_2&#8243; _builder_version=\u00bb4.6.5&#8243; _module_preset=\u00bbdefault\u00bb][et_pb_image src=\u00bbhttps:\/\/montalcinoceramiche.it\/wp-content\/uploads\/2020\/10\/bottega-darte4.jpg\u00bb title_text=\u00bbbottega-d&#8217;arte4&#8243; _builder_version=\u00bb4.6.1&#8243; _module_preset=\u00bbdefault\u00bb][\/et_pb_image][\/et_pb_column][et_pb_column type=\u00bb1_2&#8243; _builder_version=\u00bb4.6.5&#8243; _module_preset=\u00bbdefault\u00bb][et_pb_image src=\u00bbhttps:\/\/montalcinoceramiche.it\/wp-content\/uploads\/2020\/11\/icone-05.png\u00bb title_text=\u00bbicone-05&#8243; disabled_on=\u00bboff|off|off\u00bb _builder_version=\u00bb4.6.1&#8243; _module_preset=\u00bbdefault\u00bb vertical_offset=\u00bb-256px\u00bb horizontal_offset=\u00bb412px\u00bb width=\u00bb20%\u00bb scroll_blur_enable=\u00bbon\u00bb][\/et_pb_image][et_pb_text _builder_version=\u00bb4.6.1&#8243; _module_preset=\u00bbdefault\u00bb text_font_size=\u00bb16px\u00bb text_line_height=\u00bb1.8em\u00bb header_2_line_height=\u00bb1.4em\u00bb custom_margin=\u00bb-50px||||false|false\u00bb]<\/p>\n<h2>Decoraci\u00f3n con esmaltes <\/h2>\n<p>El producto se esmalta y decora a mano con colores sin n\u00edquel, plomo, cadmio y materiales pesados, para que sea apto y seguro para el uso alimentario. Una vez completado el aspecto est\u00e9tico, se cuece a alta temperatura (1280\u00b0) para darle resistencia y dureza.<\/p>\n<p>[\/et_pb_text][\/et_pb_column][\/et_pb_row][\/et_pb_section][et_pb_section fb_built=\u00bb1&#8243; admin_label=\u00bbAbout Section\u00bb _builder_version=\u00bb4.6.1&#8243; custom_padding=\u00bb0px||0px|\u00bb hover_enabled=\u00bb0&#8243; box_shadow_style=\u00bbpreset1&#8243; box_shadow_blur=\u00bb25px\u00bb box_shadow_color=\u00bbrgba(0,0,0,0.12)\u00bb background_color=\u00bb#fff9f2&#8243; sticky_enabled=\u00bb0&#8243;][et_pb_row admin_label=\u00bbAbout Area\u00bb _builder_version=\u00bb4.6.1&#8243; custom_padding=\u00bb0px||0px|\u00bb hover_enabled=\u00bb0&#8243; use_custom_width=\u00bbon\u00bb width_unit=\u00bboff\u00bb custom_width_percent=\u00bb100%\u00bb sticky_enabled=\u00bb0&#8243;][et_pb_column type=\u00bb4_4&#8243; _builder_version=\u00bb4.6.1&#8243; custom_padding=\u00bb5%|5%|5%|5%|true|true\u00bb hover_enabled=\u00bb0&#8243; custom_padding__hover=\u00bb|||\u00bb sticky_enabled=\u00bb0&#8243;][et_pb_text admin_label=\u00bbTitle\u00bb _builder_version=\u00bb4.6.5&#8243; text_font=\u00bb||||||||\u00bb header_font=\u00bb||||||||\u00bb header_2_font=\u00bb|600|||||||\u00bb header_2_text_align=\u00bbcenter\u00bb header_2_font_size=\u00bb36px\u00bb header_2_line_height=\u00bb1.2em\u00bb text_orientation=\u00bbcenter\u00bb module_alignment=\u00bbcenter\u00bb custom_margin=\u00bb||0px|\u00bb custom_padding=\u00bb|||\u00bb animation_style=\u00bbfade\u00bb animation_direction=\u00bbtop\u00bb]<\/p>\n<h2>Producci\u00f3n de objetos de cer\u00e1mica <\/h2>\n<p>[\/et_pb_text][et_pb_divider divider_position=\u00bbcenter\u00bb divider_weight=\u00bb3px\u00bb _builder_version=\u00bb3.2&#8243; max_width=\u00bb50px\u00bb module_alignment=\u00bbcenter\u00bb animation_style=\u00bbslide\u00bb animation_direction=\u00bbtop\u00bb animation_intensity_slide=\u00bb10%\u00bb animation_starting_opacity=\u00bb100%\u00bb][\/et_pb_divider][et_pb_text _builder_version=\u00bb4.6.5&#8243; text_font=\u00bbPoppins||||||||\u00bb text_text_color=\u00bb#666&#8243; text_font_size=\u00bb16px\u00bb text_line_height=\u00bb1.8em\u00bb text_orientation=\u00bbcenter\u00bb module_alignment=\u00bbcenter\u00bb custom_margin=\u00bb25px|||\u00bb animation_style=\u00bbfade\u00bb]<\/p>\n<p>Creamos y decoramos piezas de cer\u00e1mica \u00fanicas y refinadas siguiendo las antiguas t\u00e9cnicas y tradiciones del arte de los alfareros y ceramistas toscanos.<\/p>\n<p>Cada producto pasa por tres fases: elaboraci\u00f3n del objeto con un torno o a mano y su proprio secamiento; cocci\u00f3n del bizcocho a aproximadamente 980\u00b0; esmaltado, decoraci\u00f3n con particulares colores, cristalizaci\u00f3n y cocci\u00f3n a baja temperatura.<\/p>\n<p>[\/et_pb_text][et_pb_button button_url=\u00bbhttps:\/\/montalcinoceramiche.it\/tallado-de-objetos-de-ceramica\/?lang=es\u00bb button_text=\u00bbPARA SABER M\u00c1S\u00bb button_alignment=\u00bbcenter\u00bb _builder_version=\u00bb4.6.1&#8243; button_icon=\u00bb%%3%%\u00bb custom_margin=\u00bb20px|||\u00bb animation_style=\u00bbfade\u00bb locked=\u00bboff\u00bb button_text_size__hover_enabled=\u00bboff\u00bb button_one_text_size__hover_enabled=\u00bboff\u00bb button_two_text_size__hover_enabled=\u00bboff\u00bb button_text_color__hover_enabled=\u00bboff\u00bb button_one_text_color__hover_enabled=\u00bboff\u00bb button_two_text_color__hover_enabled=\u00bboff\u00bb button_border_width__hover_enabled=\u00bboff\u00bb button_one_border_width__hover_enabled=\u00bboff\u00bb button_two_border_width__hover_enabled=\u00bboff\u00bb button_border_color__hover_enabled=\u00bboff\u00bb button_one_border_color__hover_enabled=\u00bboff\u00bb button_two_border_color__hover_enabled=\u00bboff\u00bb button_border_radius__hover_enabled=\u00bboff\u00bb button_one_border_radius__hover_enabled=\u00bboff\u00bb button_two_border_radius__hover_enabled=\u00bboff\u00bb button_letter_spacing__hover_enabled=\u00bboff\u00bb button_one_letter_spacing__hover_enabled=\u00bboff\u00bb button_two_letter_spacing__hover_enabled=\u00bboff\u00bb button_bg_color__hover_enabled=\u00bboff\u00bb button_one_bg_color__hover_enabled=\u00bboff\u00bb button_two_bg_color__hover_enabled=\u00bboff\u00bb][\/et_pb_button][\/et_pb_column][\/et_pb_row][\/et_pb_section]<\/p>\n","protected":false},"excerpt":{"rendered":"<p>Tallado de objetos de porcelanaCada producto, para garantizar altos est\u00e1ndares de calidad, sigue un delicado proceso de fabricaci\u00f3n que incluye:Preparaci\u00f3n de la masa La porcelana o el gres en polvo se mezclan cuidadosamente con agua para proporcionar una masa l\u00edquida que sucesivamente se verter\u00e1 directamente en moldes. Por \u00faltimo, el producto se deja secar durante [&hellip;]<\/p>\n","protected":false},"author":1,"featured_media":0,"parent":0,"menu_order":0,"comment_status":"closed","ping_status":"closed","template":"","meta":{"_et_pb_use_builder":"on","_et_pb_old_content":"","_et_gb_content_width":"","inline_featured_image":false,"_glsr_average":0,"_glsr_ranking":0,"_glsr_reviews":0,"footnotes":""},"class_list":["post-917","page","type-page","status-publish","hentry"],"_links":{"self":[{"href":"https:\/\/montalcinoceramiche.it\/es\/wp-json\/wp\/v2\/pages\/917","targetHints":{"allow":["GET"]}}],"collection":[{"href":"https:\/\/montalcinoceramiche.it\/es\/wp-json\/wp\/v2\/pages"}],"about":[{"href":"https:\/\/montalcinoceramiche.it\/es\/wp-json\/wp\/v2\/types\/page"}],"author":[{"embeddable":true,"href":"https:\/\/montalcinoceramiche.it\/es\/wp-json\/wp\/v2\/users\/1"}],"replies":[{"embeddable":true,"href":"https:\/\/montalcinoceramiche.it\/es\/wp-json\/wp\/v2\/comments?post=917"}],"version-history":[{"count":2,"href":"https:\/\/montalcinoceramiche.it\/es\/wp-json\/wp\/v2\/pages\/917\/revisions"}],"predecessor-version":[{"id":919,"href":"https:\/\/montalcinoceramiche.it\/es\/wp-json\/wp\/v2\/pages\/917\/revisions\/919"}],"wp:attachment":[{"href":"https:\/\/montalcinoceramiche.it\/es\/wp-json\/wp\/v2\/media?parent=917"}],"curies":[{"name":"wp","href":"https:\/\/api.w.org\/{rel}","templated":true}]}}